{"id":3493,"date":"2026-01-28T01:49:52","date_gmt":"2026-01-28T00:49:52","guid":{"rendered":"https:\/\/leportaildelumiere.com\/index.php\/glossary\/horizons-des-evenements\/"},"modified":"2026-02-01T14:11:13","modified_gmt":"2026-02-01T13:11:13","slug":"horizons-des-evenements","status":"publish","type":"glossary","link":"https:\/\/leportaildelumiere.com\/index.php\/glossary\/horizons-des-evenements\/","title":{"rendered":"Horizon des \u00e9v\u00e9nements"},"content":{"rendered":"\n<p>L&rsquo;<strong>horizon des \u00e9v\u00e9nements<\/strong> est d\u00e9fini comme le point de sortie du \u00ab trou noir \u00bb que constitue la Terre en quarantaine. Le franchissement de cette limite provoquera une explosion de Lumi\u00e8re, marquant la fin d\u00e9finitive de l&rsquo;obscurit\u00e9 et de la souffrance dans cet univers. Atteindre la fronti\u00e8re int\u00e9rieure de cet horizon est consid\u00e9r\u00e9 comme le v\u00e9ritable commencement du processus d&rsquo;Ascension plan\u00e9taire.<\/p>\n\n\n\n<p>Ce passage est d\u00e9crit comme un moment o\u00f9 le temps lin\u00e9aire s&rsquo;arr\u00eate pour laisser place \u00e0 une r\u00e9alit\u00e9 de pur Amour, lib\u00e9r\u00e9e de toute programmation ou karma.<\/p>\n\n\n\n<p>L\u2019horizon des \u00e9v\u00e8nements sera le moment de la Perc\u00e9e par Compression et c\u2019est exactement ce qu\u2019a v\u00e9cu David Wilckock dans son r\u00eave lorsqu\u2019il a vu une temp\u00eate avec de nombreux \u00e9clairs. Chacun de ces \u00e9clairs repr\u00e9sente un trou de vers de compression, qui est une porte de Lumi\u00e8re hyperdimensionnelle reliant la plan\u00e8te \u00e0 la Lumi\u00e8re \u00e0 la surface de la plan\u00e8te, par le haut et le bas au moment de la Perc\u00e9e par Compression.<\/p>\n\n\n\n<p>Il y aura de fortes ondulations de Lumi\u00e8re dans tout l\u2019espace-temps, en avant, mais aussi en arri\u00e8re dans le temps. C\u2019est pourquoi certains l\u2019ont d\u00e9j\u00e0 re\u00e7u des r\u00eaves, des impressions et des visions de l\u2019\u00c9v\u00e9nement.<\/p>\n\n\n\n<p>Il y aura de fortes ondulations de Lumi\u00e8re dans tout l\u2019espace-temps, en avant, mais aussi en arri\u00e8re dans le temps. C\u2019est pourquoi certains l\u2019ont d\u00e9j\u00e0 re\u00e7u des r\u00eaves, des impressions et des visions de l\u2019\u00c9v\u00e9nement, arri\u00e8re dans le temps. C\u2019est pourquoi certains l\u2019ont d\u00e9j\u00e0 re\u00e7u des r\u00eaves, des impressions et des visions de l\u2019\u00c9v\u00e9nement.<\/p>\n","protected":false},"excerpt":{"rendered":"<p>L&rsquo;horizon des \u00e9v\u00e9nements est d\u00e9fini comme le point de sortie du \u00ab trou noir \u00bb&#8230;<\/p>\n","protected":false},"author":1,"featured_media":0,"parent":0,"template":"","glossary-cat":[],"class_list":["post-3493","glossary","type-glossary","status-publish","hentry"],"jetpack_sharing_enabled":true,"_links":{"self":[{"href":"https:\/\/leportaildelumiere.com\/index.php\/wp-json\/wp\/v2\/glossary\/3493","targetHints":{"allow":["GET"]}}],"collection":[{"href":"https:\/\/leportaildelumiere.com\/index.php\/wp-json\/wp\/v2\/glossary"}],"about":[{"href":"https:\/\/leportaildelumiere.com\/index.php\/wp-json\/wp\/v2\/types\/glossary"}],"author":[{"embeddable":true,"href":"https:\/\/leportaildelumiere.com\/index.php\/wp-json\/wp\/v2\/users\/1"}],"version-history":[{"count":8,"href":"https:\/\/leportaildelumiere.com\/index.php\/wp-json\/wp\/v2\/glossary\/3493\/revisions"}],"predecessor-version":[{"id":4476,"href":"https:\/\/leportaildelumiere.com\/index.php\/wp-json\/wp\/v2\/glossary\/3493\/revisions\/4476"}],"wp:attachment":[{"href":"https:\/\/leportaildelumiere.com\/index.php\/wp-json\/wp\/v2\/media?parent=3493"}],"wp:term":[{"taxonomy":"glossary-cat","embeddable":true,"href":"https:\/\/leportaildelumiere.com\/index.php\/wp-json\/wp\/v2\/glossary-cat?post=3493"}],"curies":[{"name":"wp","href":"https:\/\/api.w.org\/{rel}","templated":true}]}}