{"id":4911,"date":"2026-02-04T21:41:59","date_gmt":"2026-02-04T20:41:59","guid":{"rendered":"https:\/\/leportaildelumiere.com\/?post_type=glossary&#038;p=4911"},"modified":"2026-02-04T21:42:00","modified_gmt":"2026-02-04T20:42:00","slug":"saint-jean","status":"publish","type":"glossary","link":"https:\/\/leportaildelumiere.com\/index.php\/glossary\/saint-jean\/","title":{"rendered":"Saint-Jean"},"content":{"rendered":"\n<p>Saint-Jean est principalement li\u00e9e \u00e0 l&rsquo;aspect proph\u00e9tique et \u00e0 l&rsquo;histoire d\u00e9form\u00e9e des ap\u00f4tres.<\/p>\n\n\n\n<p>Voici les d\u00e9tails concernant son r\u00f4le et la perception de son h\u00e9ritage selon les enseignements de Cobra :<\/p>\n\n\n\n<p>\u2022 <strong>Auteur de l&rsquo;Apocalypse :<\/strong> Jean est reconnu comme l&rsquo;auteur de l&rsquo;Apocalypse, un texte qui figure en bonne place dans les \u00e9tudes occultes sur la fin des cycles. Cette \u0153uvre est interpr\u00e9t\u00e9e comme une description de la victoire finale de la Lumi\u00e8re sur l&rsquo;obscurit\u00e9.<\/p>\n\n\n\n<p>\u2022 <strong>Distorsion des Archontes :<\/strong> L&rsquo;histoire de Jean et des autres ap\u00f4tres a \u00e9t\u00e9 lourdement manipul\u00e9e par les Archontes. L&rsquo;objectif \u00e9tait de transformer des messages de Lumi\u00e8re en outils de programmation mentale pour instaurer un sentiment de culpabilit\u00e9 chez les humains.<\/p>\n\n\n\n<p>\u2022 <strong>La v\u00e9ritable structure des ap\u00f4tres : <\/strong>Il n&rsquo;y avait pas de tra\u00eetre parmi les disciples et le groupe \u00e9tait initialement compos\u00e9 de 12 ap\u00f4tres hommes et 12 ap\u00f4tres femmes. Jean faisait partie de ce cercle dont le v\u00e9ritable but \u00e9tait de soutenir la mission de l&rsquo;Amour inconditionnel.<\/p>\n\n\n\n<p>\u2022 <strong>Lien avec la fin du cycle :<\/strong> Ses \u00e9crits sont aujourd&rsquo;hui per\u00e7us comme un reflet de la subconscience plan\u00e9taire de l&rsquo;humanit\u00e9 qui attend le conflit final en cours. Cette p\u00e9riode de \u00ab\u00a0fin des temps\u00a0\u00bb est d\u00e9crite comme l&rsquo;Apocatastase, le moment o\u00f9 toutes les anomalies seront effac\u00e9es.<\/p>\n","protected":false},"excerpt":{"rendered":"<p>Saint-Jean est principalement li\u00e9e \u00e0 l&rsquo;aspect proph\u00e9tique et \u00e0 l&rsquo;histoire d\u00e9form\u00e9e des ap\u00f4tres. Voici les&#8230;<\/p>\n","protected":false},"author":1,"featured_media":0,"parent":0,"template":"","glossary-cat":[],"class_list":["post-4911","glossary","type-glossary","status-publish","hentry"],"jetpack_sharing_enabled":true,"_links":{"self":[{"href":"https:\/\/leportaildelumiere.com\/index.php\/wp-json\/wp\/v2\/glossary\/4911","targetHints":{"allow":["GET"]}}],"collection":[{"href":"https:\/\/leportaildelumiere.com\/index.php\/wp-json\/wp\/v2\/glossary"}],"about":[{"href":"https:\/\/leportaildelumiere.com\/index.php\/wp-json\/wp\/v2\/types\/glossary"}],"author":[{"embeddable":true,"href":"https:\/\/leportaildelumiere.com\/index.php\/wp-json\/wp\/v2\/users\/1"}],"version-history":[{"count":1,"href":"https:\/\/leportaildelumiere.com\/index.php\/wp-json\/wp\/v2\/glossary\/4911\/revisions"}],"predecessor-version":[{"id":4912,"href":"https:\/\/leportaildelumiere.com\/index.php\/wp-json\/wp\/v2\/glossary\/4911\/revisions\/4912"}],"wp:attachment":[{"href":"https:\/\/leportaildelumiere.com\/index.php\/wp-json\/wp\/v2\/media?parent=4911"}],"wp:term":[{"taxonomy":"glossary-cat","embeddable":true,"href":"https:\/\/leportaildelumiere.com\/index.php\/wp-json\/wp\/v2\/glossary-cat?post=4911"}],"curies":[{"name":"wp","href":"https:\/\/api.w.org\/{rel}","templated":true}]}}