{"id":6298,"date":"2026-03-16T10:11:46","date_gmt":"2026-03-16T09:11:46","guid":{"rendered":"https:\/\/leportaildelumiere.com\/?post_type=glossary&#038;p=6298"},"modified":"2026-03-16T10:13:42","modified_gmt":"2026-03-16T09:13:42","slug":"precession-des-equinoxes","status":"publish","type":"glossary","link":"https:\/\/leportaildelumiere.com\/index.php\/glossary\/precession-des-equinoxes\/","title":{"rendered":"Pr\u00e9cession des \u00e9quinoxes"},"content":{"rendered":"\n<p>La <strong>pr\u00e9cession des \u00e9quinoxes<\/strong> est un cycle astronomique et \u00e9nerg\u00e9tique majeur d&rsquo;environ <strong>26 000 ans<\/strong> (plus pr\u00e9cis\u00e9ment 25 772 ans) qui r\u00e9git l&rsquo;\u00e9volution de la Terre en synchronisation avec la galaxie.<\/p>\n\n\n\n<p>Voici les caract\u00e9ristiques fondamentales de ce ph\u00e9nom\u00e8ne :<\/p>\n\n\n\n<p>Une origine galactique<\/p>\n\n\n\n<p>Contrairement \u00e0 l&rsquo;explication astronomique conventionnelle, ce cycle est \u00ab parfaitement entra\u00een\u00e9 \u00bb par le pouls du <strong>Soleil Central Galactique<\/strong>. Tous les 26 000 ans, ce c\u0153ur galactique \u00e9met une \u00ab super-vague \u00bb ou impulsion d&rsquo;\u00e9nergie qui traverse toute la galaxie. Ce rythme cardiaque galactique influence l&rsquo;axe de rotation de la Terre, le for\u00e7ant \u00e0 s&rsquo;aligner sur ce cycle cosmique.<\/p>\n\n\n\n<p>Inversions magn\u00e9tiques et cycles de Heinrich&nbsp;:<\/p>\n\n\n\n<p>Le cycle pr\u00e9cessionnel est intimement li\u00e9 aux inversions de polarit\u00e9 magn\u00e9tique du Soleil Central Galactique.<\/p>\n\n\n\n<ul class=\"wp-block-list\">\n<li><strong>Le cycle complet (26 000 ans) :<\/strong> Correspond \u00e0 une pulsation galactique majeure.<\/li>\n<\/ul>\n\n\n\n<ul class=\"wp-block-list\">\n<li><strong>Le demi-cycle (13 000 ans) :<\/strong> Correspond au <strong>cycle des \u00e9v\u00e9nements de Heinrich<\/strong>, d\u00e9clench\u00e9 par l&rsquo;inversion de la polarit\u00e9 magn\u00e9tique galactique, ce qui provoque par r\u00e9sonance des changements radicaux sur l&rsquo;axe et le champ magn\u00e9tique terrestre.<\/li>\n<\/ul>\n\n\n\n<p>L&rsquo;alignement de 1998 et l&rsquo;\u00c8re du Verseau<\/p>\n\n\n\n<p>Un moment cl\u00e9 de ce cycle est l&rsquo;alignement entre le <strong>solstice solaire et l&rsquo;\u00e9quateur galactique<\/strong>. Cet alignement se produit deux fois par cycle de 26 000 ans.<\/p>\n\n\n\n<ul class=\"wp-block-list\">\n<li>La date exacte de cet alignement le plus r\u00e9cent a \u00e9t\u00e9 identifi\u00e9e par les Pl\u00e9iadiens comme \u00e9tant le <strong>17 mai 1998<\/strong>.<\/li>\n<\/ul>\n\n\n\n<ul class=\"wp-block-list\">\n<li>Cet \u00e9v\u00e9nement a marqu\u00e9 le tournant de la \u00ab fen\u00eatre d&rsquo;Ascension \u00bb (1975-2025) et a ouvert le syst\u00e8me solaire aux \u00e9nergies directes du centre galactique, pr\u00e9parant ainsi l&rsquo;humanit\u00e9 \u00e0 la transition vers l&rsquo;\u00c2ge d&rsquo;Or.<\/li>\n<\/ul>\n\n\n\n<p>R\u00f4le dans la purification cosmique<\/p>\n\n\n\n<p>Chaque impulsion de 26 000 ans sert de m\u00e9canisme de correction naturel. Elle envoie une vague de particules physiques et non physiques qui nettoie l&rsquo;<strong>anomalie primaire<\/strong> (l&rsquo;obscurit\u00e9) dans toute la galaxie. Nous sommes actuellement dans la phase initiale de cette impulsion, ce qui explique l&rsquo;intensit\u00e9 des changements \u00e9nerg\u00e9tiques et de l&rsquo;\u00e9veil de la conscience observ\u00e9s \u00e0 la surface de la plan\u00e8te. Ce cycle marque la fin d&rsquo;une p\u00e9riode de \u00ab\u00a0trou noir\u00a0\u00bb \u00e9nerg\u00e9tique pour la Terre et son retour progressif au sein de la soci\u00e9t\u00e9 galactique \u00e9clair\u00e9e.<\/p>\n","protected":false},"excerpt":{"rendered":"<p>La pr\u00e9cession des \u00e9quinoxes est un cycle astronomique et \u00e9nerg\u00e9tique majeur d&rsquo;environ 26 000 ans&#8230;<\/p>\n","protected":false},"author":1,"featured_media":0,"parent":0,"template":"","glossary-cat":[],"class_list":["post-6298","glossary","type-glossary","status-publish","hentry"],"jetpack_sharing_enabled":true,"_links":{"self":[{"href":"https:\/\/leportaildelumiere.com\/index.php\/wp-json\/wp\/v2\/glossary\/6298","targetHints":{"allow":["GET"]}}],"collection":[{"href":"https:\/\/leportaildelumiere.com\/index.php\/wp-json\/wp\/v2\/glossary"}],"about":[{"href":"https:\/\/leportaildelumiere.com\/index.php\/wp-json\/wp\/v2\/types\/glossary"}],"author":[{"embeddable":true,"href":"https:\/\/leportaildelumiere.com\/index.php\/wp-json\/wp\/v2\/users\/1"}],"version-history":[{"count":2,"href":"https:\/\/leportaildelumiere.com\/index.php\/wp-json\/wp\/v2\/glossary\/6298\/revisions"}],"predecessor-version":[{"id":6301,"href":"https:\/\/leportaildelumiere.com\/index.php\/wp-json\/wp\/v2\/glossary\/6298\/revisions\/6301"}],"wp:attachment":[{"href":"https:\/\/leportaildelumiere.com\/index.php\/wp-json\/wp\/v2\/media?parent=6298"}],"wp:term":[{"taxonomy":"glossary-cat","embeddable":true,"href":"https:\/\/leportaildelumiere.com\/index.php\/wp-json\/wp\/v2\/glossary-cat?post=6298"}],"curies":[{"name":"wp","href":"https:\/\/api.w.org\/{rel}","templated":true}]}}